{"id":2403,"date":"2020-11-20T05:50:33","date_gmt":"2020-11-20T05:50:33","guid":{"rendered":"https:\/\/sfz-erding.de\/wordpress\/?page_id=2403"},"modified":"2024-09-26T15:48:52","modified_gmt":"2024-09-26T15:48:52","slug":"ganztag","status":"publish","type":"page","link":"https:\/\/sfz-erding.de\/wordpress\/ganztag\/","title":{"rendered":"Ganztag"},"content":{"rendered":"<div class=\"\" style=\"\">\n    \n    <section class=\"u-align-center u-clearfix u-section-2\" id=\"Ganztag-Menu\">\n      <div class=\"u-clearfix u-sheet u-valign-middle u-sheet-1\">\n        <div class=\"u-clearfix u-expanded-width u-layout-wrap u-layout-wrap-1\">\n          <div class=\"u-layout\">\n            <div class=\"u-layout-col\">\n              <div class=\"u-size-30\">\n                <div class=\"u-layout-col\">\n                  <div class=\"u-align-center u-container-style u-layout-cell u-size-60 u-layout-cell-1\">\n                    <div class=\"u-container-layout u-valign-middle u-container-layout-1\">\n                      <h2 class=\"u-text u-text-default u-text-palette-3-base u-text-1\">Ganztag<\/h2>\n                    <\/div>\n                  <\/div>\n                <\/div>\n              <\/div>\n              <div class=\"u-size-30\">\n                <div class=\"u-layout-row\">\n                  <div class=\"u-align-center u-container-style u-layout-cell u-palette-3-base u-size-30 u-layout-cell-2\">\n                    <div class=\"u-container-layout u-valign-middle u-container-layout-2\"><span class=\"u-file-icon u-icon u-icon-circle u-text-palette-1-base u-icon-1\" data-href=\"https:\/\/sfz-erding.de\/wordpress\/ganztag\/#gGS\" title=\"Ganztag\"><img src=\"https:\/\/sfz-erding.de\/wordpress\/wp-content\/uploads\/2021\/11\/Symbol-gGS.png\" alt=\"\"><\/span>\n                      <h2 class=\"u-text u-text-default u-text-2\">\n                        <a class=\"u-btn u-button-link u-button-style u-text-black u-btn-1\" href=\"https:\/\/sfz-erding.de\/wordpress\/ganztag\/#gGS\">gebundene Ganztagsschule (gGS)<br>\n                        <\/a>\n                      <\/h2>\n                    <\/div>\n                  <\/div>\n                  <div class=\"u-container-style u-layout-cell u-palette-3-light-1 u-size-30 u-layout-cell-3\">\n                    <div class=\"u-container-layout u-valign-middle u-container-layout-3\"><span class=\"u-align-center u-file-icon u-icon u-icon-circle u-text-palette-1-base u-icon-2\" data-href=\"https:\/\/sfz-erding.de\/wordpress\/ganztag\/#oGS\" title=\"Ganztag\"><img src=\"https:\/\/sfz-erding.de\/wordpress\/wp-content\/uploads\/2021\/11\/Symbol-oGS-PacMan.png\" alt=\"\"><\/span>\n                      <h2 class=\"u-align-center u-text u-text-default u-text-3\">\n                        <a class=\"u-btn u-button-link u-button-style u-text-black u-btn-2\" href=\"https:\/\/sfz-erding.de\/wordpress\/ganztag\/#oGS\">offene Ganztagsschule (oGS)<br>\n                        <\/a>\n                      <\/h2>\n                    <\/div>\n                  <\/div>\n                <\/div>\n              <\/div>\n            <\/div>\n          <\/div>\n        <\/div>\n      <\/div>\n    <\/section>\n    <section class=\"u-align-center u-clearfix u-white u-section-3\" id=\"gGS\">\n      <div class=\"u-clearfix u-sheet u-valign-middle u-sheet-1\">\n        <div class=\"u-clearfix u-expanded-width u-layout-wrap u-layout-wrap-1\">\n          <div class=\"u-layout\">\n            <div class=\"u-layout-col\">\n              <div class=\"u-size-30\">\n                <div class=\"u-layout-row\">\n                  <div class=\"u-container-style u-layout-cell u-size-60 u-layout-cell-1\">\n                    <div class=\"u-container-layout u-valign-middle u-container-layout-1\">\n                      <h2 class=\"u-align-center u-text u-text-default u-text-palette-3-base u-text-1\">gebundene Ganztagsschule<br>\n                      <\/h2>\n                    <\/div>\n                  <\/div>\n                <\/div>\n              <\/div>\n              <div class=\"u-size-30\">\n                <div class=\"u-layout-row\">\n                  <div class=\"u-align-justify u-container-style u-layout-cell u-size-30 u-layout-cell-2\">\n                    <div class=\"u-container-layout u-valign-middle u-container-layout-2\">\n                      <p class=\"u-large-text u-text u-text-default u-text-variant u-text-2\">Die gebundene Ganztagsschule (gGS) stellt ein ganzt\u00e4giges, schulisches Angebot im Klassenverband dar. Es beinhaltet neben dem Unterricht ein gemeinsames Mittagessen und abwechslungsreiche Projekte.<\/p>\n                    <\/div>\n                  <\/div>\n                  <div class=\"u-container-style u-layout-cell u-size-30\">\n                    <div class=\"u-container-layout u-valign-middle u-container-layout-3\">\n                      <a href=\"https:\/\/sfz-erding.de\/wordpress\/wp-content\/uploads\/2021\/11\/Projekte-im-gebundenen-Ganztag.pdf\" class=\"u-align-center u-btn u-button-style u-file-link u-hover-palette-1-dark-1 u-palette-1-base u-btn-1\">Projekte im<br>gebundenen<br>Ganztag\n                      <\/a>\n                    <\/div>\n                  <\/div>\n                <\/div>\n              <\/div>\n            <\/div>\n          <\/div>\n        <\/div>\n      <\/div>\n    <\/section>\n    <section class=\"u-align-center u-clearfix u-white u-section-4\" id=\"oGS\">\n      <div class=\"u-clearfix u-sheet u-valign-middle u-sheet-1\">\n        <div class=\"u-clearfix u-expanded-width u-gutter-0 u-layout-wrap u-layout-wrap-1\">\n          <div class=\"u-gutter-0 u-layout\">\n            <div class=\"u-layout-col\">\n              <div class=\"u-size-30\">\n                <div class=\"u-layout-row\">\n                  <div class=\"u-align-center u-container-style u-layout-cell u-shape-rectangle u-size-60 u-layout-cell-1\">\n                    <div class=\"u-container-layout u-valign-middle u-container-layout-1\">\n                      <h2 class=\"u-align-center u-text u-text-palette-3-light-1 u-text-1\">offene Ganztagsschule<br>\n                      <\/h2>\n                    <\/div>\n                  <\/div>\n                <\/div>\n              <\/div>\n              <div class=\"u-size-30\">\n                <div class=\"u-layout-row\">\n                  <div class=\"u-align-justify u-container-style u-layout-cell u-size-30 u-layout-cell-2\">\n                    <div class=\"u-container-layout u-valign-top u-container-layout-2\">\n                      <p class=\"u-large-text u-text u-text-variant u-text-2\">Die\noffene Ganztagsschule ist eine staatliche Einrichtung an der\nKatharina-Fischer-Schule (Sonderp\u00e4dagogisches F\u00f6rderzentrum Erding)\nunter der Tr\u00e4gerschaft der Br\u00fccke Erding e.V. <br>Sie bietet den Sch\u00fclerInnen die M\u00f6glichkeit, nach dem Unterricht\nweiter an der Schule betreut zu werden. <br>Neben der Hausaufgabenbetreuung steht das \u00dcben des sozialen\nUmgangs mit unseren Mitmenschen und Entspannung im Fokus.<br>Auch der nat\u00fcrliche Bewegungsdrang wird gef\u00f6rdert. Dazu werden\nregelm\u00e4\u00dfig Aufenthalte im Freien und in der Turnhalle angeboten. <br>Unsere Einrichtung ist grunds\u00e4tzlich f\u00fcr alle Sch\u00fclerInnen der\nGrund- und Mittelstufe der Katharina-Fischer-Schule offen. <br>Es steht sowohl Turnhalle, Kreativraum, Musikraum, Box-Raum,\nGruppenraum, als auch das Au\u00dfengel\u00e4nde zur eigenen Entfaltung zur\nVerf\u00fcgung.\nGelegentlich unternehmen wir mit den Kindern bzw. Jugendlichen\nAusfl\u00fcge nach Absprache mit den Eltern. <br>Je nach aktuellem und individuellem Bedarf entscheiden die Kinder\nbzw. Jugendlichen selbst, ob sie an gezielten Spiel- und\nBesch\u00e4ftigungsangeboten mitwirken, &nbsp;dadurch neue F\u00e4higkeiten\nerlernen, bereits Erworbenes weiterentwickeln oder sich zur\nEntspannung zur\u00fcckziehen. <br>Die offene Ganztagsschule unterst\u00fctzt die Erziehungsarbeit des\nElternhauses. Wir pflegen einen engen Austausch zwischen Schule,\nElternhaus und Betreuungspersonal. \n                      <\/p>\n                    <\/div>\n                  <\/div>\n                  <div class=\"u-align-center-sm u-align-center-xs u-container-style u-layout-cell u-palette-3-light-2 u-size-15 u-layout-cell-3\">\n                    <div class=\"u-container-layout u-valign-top u-container-layout-3\">\n                      <h2 class=\"u-align-center-lg u-align-center-md u-align-center-xl u-text u-text-3\"><u>Unser\nTeam<\/u> der Mittelschule:\n                      <\/h2>\n                      <ul class=\"u-align-left-lg u-align-left-md u-align-left-xl u-text u-text-4\">\n                        <li>Dilzar Hussein (Leitung)<\/li>\n                        <li>Annette Cole (Leitung)<\/li>\n                        <li>Nikolaus Murr<br>\n                        <\/li>\n                      <\/ul>\n                      <p class=\"u-align-center-lg u-align-center-md u-align-center-xl u-text u-text-5\">Kontakt: <br>oGS Mittelschule<br>Willhelm-Bachmair-Str. 7 <br>85435 Erding<br>Tel. 08122 \/ 227 071 201<br>Mobil: 0151 \/ 507 246 53<br>Email: <a href=\"mailto:dilzar.hussein@bruecke-erding.de\">dilzar.hussein@bruecke-erding.de<\/a>\n                      <\/p>\n                      <h2 class=\"u-align-center-lg u-align-center-md u-align-center-xl u-text u-text-6\"><u style=\"\">\u00d6ffungszeiten:<br><\/u>\n                      <\/h2>\n                      <p class=\"u-align-center-lg u-align-center-md u-align-center-xl u-text u-text-7\">Mittelschule: <br>Montag bis Donnerstag: <br>12.15 \u2013 15:30 Uhr<br>15:30 \u2013 17:00 Uhr<br>\n                      <\/p>\n                    <\/div>\n                  <\/div>\n                  <div class=\"u-align-center-sm u-align-center-xs u-container-style u-layout-cell u-palette-3-light-3 u-size-15 u-layout-cell-4\">\n                    <div class=\"u-container-layout u-valign-top u-container-layout-4\">\n                      <h2 class=\"u-align-center-lg u-align-center-md u-align-center-xl u-text u-text-8\">Unser Team der Grundschule:<\/h2>\n                      <br>\n                      <br>\n                      <br>\n                      <ul class=\"u-align-left-lg u-align-left-md u-align-left-xl u-text u-text-9\">\n                        <li>Tanja Meier (Leitung)<\/li>\n                        <li>Tamara B\u00f6hm<\/li>\n                        <li>Jana Gutsche<br>\n                        <\/li>\n                        <li>Frauke Junghahn<\/li>\n                        <li>Julia Lorenz<br>\n                        <\/li>\n                        <li>Henriette Mamo<\/li>\n                        <li>Sabine Nacke<\/li>\n                        <li>Astrid Notka<br>\n                        <\/li>\n                        <li>Gabi Ramberger<\/li>\n                        <li>Inge Strau\u00df<br>\n                        <\/li>\n                        <li>Lisa Wiedemann<\/li>\n                        <li>Sieglinde Zehetmair<br>\n                        <\/li>\n                      <\/ul>\n                      <p class=\"u-align-center-lg u-align-center-md u-align-center-xl u-text u-text-10\">Kontakt:<br>oGS Grundschule<br>Wilhelm-Bachmair-Str. 1<br>85435 Erding<br>Tel. 08122 \/ 227 072 711<br>Mobil: 0151 \/ 507 275 29<br>Email: <a href=\"mailto:tanja.meier@bruecke-erding.de\" class=\"u-btn u-button-link u-button-style u-text-palette-1-base u-btn-1\">tanja.meier@bruecke-erding.de<\/a>\n                      <\/p>\n                      <h2 class=\"u-align-center-lg u-align-center-md u-align-center-xl u-text u-text-11\"><u style=\"\">\u00d6ffungszeiten:<br><\/u>\n                      <\/h2>\n                      <p class=\"u-align-center-lg u-align-center-md u-align-center-xl u-text u-text-12\">Grundschule: <br>Montag bis Donnerstag: <br>12.15 \u2013 16.00 Uhr \n                      <\/p>\n                    <\/div>\n                  <\/div>\n                <\/div>\n              <\/div>\n            <\/div>\n          <\/div>\n        <\/div>\n      <\/div>\n    <\/section>\n    \n    \n    \n  \n<\/div>","protected":false},"excerpt":{"rendered":"<p>Ganztag gebundene Ganztagsschule (gGS) offene Ganztagsschule (oGS) gebundene Ganztagsschule Die gebundene Ganztagsschule (gGS) stellt ein ganzt\u00e4giges, schulisches Angebot im Klassenverband dar. Es beinhaltet neben dem Unterricht ein gemeinsames Mittagessen und abwechslungsreiche Projekte. Projekte imgebundenenGanztag offene Ganztagsschule Die offene Ganztagsschule ist eine staatliche Einrichtung an der Katharina-Fischer-Schule (Sonderp\u00e4dagogisches F\u00f6rderzentrum Erding) unter der Tr\u00e4gerschaft der Br\u00fccke Erding [&hellip;]<\/p>\n","protected":false},"author":4,"featured_media":0,"parent":0,"menu_order":0,"comment_status":"closed","ping_status":"closed","template":"","meta":[],"_links":{"self":[{"href":"https:\/\/sfz-erding.de\/wordpress\/wp-json\/wp\/v2\/pages\/2403"}],"collection":[{"href":"https:\/\/sfz-erding.de\/wordpress\/wp-json\/wp\/v2\/pages"}],"about":[{"href":"https:\/\/sfz-erding.de\/wordpress\/wp-json\/wp\/v2\/types\/page"}],"author":[{"embeddable":true,"href":"https:\/\/sfz-erding.de\/wordpress\/wp-json\/wp\/v2\/users\/4"}],"replies":[{"embeddable":true,"href":"https:\/\/sfz-erding.de\/wordpress\/wp-json\/wp\/v2\/comments?post=2403"}],"version-history":[{"count":52,"href":"https:\/\/sfz-erding.de\/wordpress\/wp-json\/wp\/v2\/pages\/2403\/revisions"}],"predecessor-version":[{"id":3692,"href":"https:\/\/sfz-erding.de\/wordpress\/wp-json\/wp\/v2\/pages\/2403\/revisions\/3692"}],"wp:attachment":[{"href":"https:\/\/sfz-erding.de\/wordpress\/wp-json\/wp\/v2\/media?parent=2403"}],"curies":[{"name":"wp","href":"https:\/\/api.w.org\/{rel}","templated":true}]}}