{"id":1331,"date":"2020-10-27T20:31:05","date_gmt":"2020-10-27T20:31:05","guid":{"rendered":"https:\/\/sfz-erding.de\/wordpress\/?page_id=1331"},"modified":"2021-11-06T21:02:54","modified_gmt":"2021-11-06T21:02:54","slug":"informationspflicht","status":"publish","type":"page","link":"https:\/\/sfz-erding.de\/wordpress\/informationspflicht\/","title":{"rendered":"Informationspflicht"},"content":{"rendered":"<div class=\"\" style=\"\">\n    \n    <section class=\"u-align-center u-clearfix u-section-2\" id=\"Informationspflicht-Menu\">\n      <div class=\"u-clearfix u-sheet u-valign-middle u-sheet-1\">\n        <div class=\"u-clearfix u-expanded-width u-layout-wrap u-layout-wrap-1\">\n          <div class=\"u-layout\">\n            <div class=\"u-layout-col\">\n              <div class=\"u-size-30\">\n                <div class=\"u-layout-col\">\n                  <div class=\"u-align-center u-container-style u-layout-cell u-left-cell u-right-cell u-size-60 u-layout-cell-1\">\n                    <div class=\"u-container-layout u-valign-middle u-container-layout-1\">\n                      <h2 class=\"u-text u-text-default u-text-grey-40 u-text-1\">Informationspflicht<\/h2>\n                    <\/div>\n                  <\/div>\n                <\/div>\n              <\/div>\n              <div class=\"u-size-30\">\n                <div class=\"u-layout-row\">\n                  <div class=\"u-align-center u-container-style u-grey-40 u-layout-cell u-left-cell u-size-30 u-layout-cell-2\">\n                    <div class=\"u-container-layout u-valign-middle u-container-layout-2\"><span class=\"u-icon u-icon-circle u-text-white u-icon-1\" data-href=\"https:\/\/sfz-erding.de\/wordpress\/informationspflicht\/#Impressum\" title=\"Informationspflicht\"><svg class=\"u-svg-link\" preserveAspectRatio=\"xMidYMin slice\" viewBox=\"0 0 512 512\" style=\"\"><use xlink:href=\"#svg-022f\"><\/use><\/svg><svg xmlns=\"http:\/\/www.w3.org\/2000\/svg\" xmlns:xlink=\"http:\/\/www.w3.org\/1999\/xlink\" version=\"1.1\" xml:space=\"preserve\" class=\"u-svg-content\" viewBox=\"0 0 512 512\" x=\"0px\" y=\"0px\" id=\"svg-022f\" style=\"enable-background:new 0 0 512 512;\"><g><g><path d=\"M390.284,237.005c-8.712-25.18-27.186-45.565-52.017-57.403c-0.611-0.291-1.236-0.551-1.874-0.779l-74.228-26.537    c-0.392-0.14-0.788-0.268-1.187-0.383c-0.368-0.106-0.794-0.232-1.262-0.373c-4.661-2.074-9.406-3.771-14.197-5.103    c-19.063-7.93-47.087-24.136-47.087-50.867c0-30.636,25.57-55.56,57-55.56h10.5c32.804,0,58.5,24.599,58.5,56    c0,11.046,8.954,20,20,20c11.046,0,20-8.954,20-20c0-25.997-10.341-50.273-29.118-68.358C316.809,9.816,292.169,0,265.934,0h-10.5    c-53.486,0-97,42.868-97,95.56c0,19.986,7.462,38.541,21.729,54.378c-22.569,8.911-41.987,25.754-53.441,48.89    c-11.727,23.688-13.505,50.261-5.006,74.823c8.712,25.18,27.186,45.565,52.017,57.403c0.638,0.304,1.291,0.574,1.957,0.809    l79.096,27.882c0.364,0.129,0.732,0.246,1.103,0.354c10.444,3.015,62.546,19.896,62.546,56.343c0,30.636-25.57,55.56-57,55.56    h-10.5c-32.804,0-58.5-24.598-58.5-56c0-11.046-8.954-20-20-20s-20,8.954-20,20c0,25.997,10.341,50.273,29.118,68.358    c18.506,17.824,43.146,27.64,69.381,27.64h10.5c53.486,0,97-42.868,97-95.56c0-24.712-11.404-47.237-32.979-65.14    c-15.074-12.508-35.62-22.961-57.905-29.469l-77.497-27.319c-14.632-7.242-25.458-19.263-30.537-33.941    c-4.968-14.36-3.884-29.984,3.053-43.996c12.848-25.953,42.347-38.769,69.921-32.201c4.279,1.704,8.667,3.265,13.136,4.67    c1.349,0.585,2.727,1.008,4.118,1.28l72.165,25.8c14.652,7.24,25.491,19.269,30.574,33.96c4.968,14.359,3.884,29.984-3.053,43.996    c-4.901,9.899-0.849,21.896,9.05,26.798c2.852,1.412,5.877,2.081,8.858,2.081c7.364,0,14.45-4.085,17.939-11.131    C397.006,288.141,398.783,261.567,390.284,237.005z\"><\/path>\n<\/g>\n<\/g><\/svg><\/span>\n                      <h2 class=\"u-text u-text-default u-text-2\">\n                        <a class=\"u-btn u-button-style u-text-white u-btn-1\" href=\"https:\/\/sfz-erding.de\/wordpress\/informationspflicht\/#Impressum\">Impressum<\/a>\n                      <\/h2>\n                    <\/div>\n                  <\/div>\n                  <div class=\"u-container-style u-grey-30 u-layout-cell u-right-cell u-size-30 u-layout-cell-3\">\n                    <div class=\"u-container-layout u-valign-middle u-container-layout-3\"><span class=\"u-icon u-icon-circle u-text-white u-icon-2\" data-href=\"https:\/\/sfz-erding.de\/wordpress\/informationspflicht\/#Datenschutz\" title=\"Informationspflicht\"><svg class=\"u-svg-link\" preserveAspectRatio=\"xMidYMin slice\" viewBox=\"0 0 24 24\" style=\"\"><use xlink:href=\"#svg-45f2\"><\/use><\/svg><svg xmlns=\"http:\/\/www.w3.org\/2000\/svg\" xmlns:xlink=\"http:\/\/www.w3.org\/1999\/xlink\" version=\"1.1\" xml:space=\"preserve\" class=\"u-svg-content\" viewBox=\"0 0 24 24\" id=\"svg-45f2\"><path d=\"m17.5 24c-3.584 0-6.5-2.916-6.5-6.5s2.916-6.5 6.5-6.5 6.5 2.916 6.5 6.5-2.916 6.5-6.5 6.5zm0-11.5c-2.757 0-5 2.243-5 5s2.243 5 5 5 5-2.243 5-5-2.243-5-5-5z\"><\/path><path d=\"m16.5 20c-.198 0-.39-.079-.53-.22l-2-2c-.293-.293-.293-.768 0-1.061s.768-.293 1.061 0l1.434 1.433 2.972-3.396c.274-.312.747-.341 1.059-.07.312.272.343.747.07 1.059l-3.5 4c-.138.155-.334.248-.541.255-.008 0-.017 0-.025 0z\"><\/path><path d=\"m8.25 20h-6c-1.24 0-2.25-1.01-2.25-2.25v-8.5c0-1.24 1.01-2.25 2.25-2.25h11.5c.645 0 1.255.275 1.675.757.272.312.241.785-.071 1.058-.31.273-.785.242-1.058-.071-.136-.155-.334-.244-.546-.244h-11.5c-.413 0-.75.337-.75.75v8.5c0 .413.337.75.75.75h6c.414 0 .75.336.75.75s-.336.75-.75.75z\"><\/path><path d=\"m12.25 8.5c-.414 0-.75-.336-.75-.75v-2.75c0-1.93-1.57-3.5-3.5-3.5s-3.5 1.57-3.5 3.5v2.75c0 .414-.336.75-.75.75s-.75-.336-.75-.75v-2.75c0-2.757 2.243-5 5-5s5 2.243 5 5v2.75c0 .414-.336.75-.75.75z\"><\/path><\/svg><\/span>\n                      <h2 class=\"u-align-center u-text u-text-default u-text-3\">\n                        <a class=\"u-btn u-button-style u-text-white u-btn-2\" href=\"https:\/\/sfz-erding.de\/wordpress\/informationspflicht\/#Datenschutz\">Datenschutz<\/a>\n                      <\/h2>\n                    <\/div>\n                  <\/div>\n                <\/div>\n              <\/div>\n            <\/div>\n          <\/div>\n        <\/div>\n      <\/div>\n    <\/section>\n    <section class=\"u-clearfix u-white u-section-3\" id=\"Impressum\">\n      <div class=\"u-clearfix u-sheet u-sheet-1\">\n        <div class=\"u-align-center u-container-style u-expanded-width-xl u-expanded-width-xs u-group u-group-1\">\n          <div class=\"u-container-layout u-valign-middle u-container-layout-1\">\n            <h1 class=\"u-text u-text-1\">Impressum<\/h1>\n          <\/div>\n        <\/div>\n        <div class=\"u-clearfix u-expanded-width u-gutter-30 u-layout-wrap u-layout-wrap-1\">\n          <div class=\"u-gutter-0 u-layout\">\n            <div class=\"u-layout-row\">\n              <div class=\"u-align-left u-container-style u-layout-cell u-left-cell u-size-30 u-layout-cell-1\">\n                <div class=\"u-container-layout u-container-layout-2\">\n                  <p class=\"u-text u-text-2\">Angaben gem\u00e4\u00df \u00a7 5 TMG:<br>\n                    <br>Sigrid Brand<br>Schulleiterin<br>Wilhelm-Bachmair-Stra\u00dfe 7<br>85435 Erding <br>\n                    <br>Rainer Huber<br>2. Sonderschulkonrektor<br>Wilhelm-Bachmair-Stra\u00dfe 7<br>85435 Erding<br>\n                    <br>Kontakt:<br>Telefon: 08122 227070<br>Telefax: 08122 227072727<br>E-Mail: verwaltung@sfz-erding.de<br>\n                    <br>Aufsichtsbeh\u00f6rde:<br>Regierung von Oberbayern<br>Maximilianstra\u00dfe 39<br>80538 M\u00fcnchen<br>http:\/\/www.regierung.oberbayern.bayern.de<br>\n                    <br>Verantwortlich f\u00fcr den Inhalt nach \u00a7 55 Abs. 2 RStV:\n&nbsp; <br>Sigrid Brand<br>Rainer Huber<br>Wilhelm-Bachmair-Stra\u00dfe 7<br>85435 Erding<br>\n                    <br>\n                  <\/p>\n                <\/div>\n              <\/div>\n              <div class=\"u-align-justify u-container-style u-layout-cell u-right-cell u-size-30 u-layout-cell-2\">\n                <div class=\"u-container-layout u-valign-top u-container-layout-3\">\n                  <p class=\"u-text u-text-3\">Streitschlichtung<br>Wir sind nicht bereit oder verpflichtet, an Streitbeilegungsverfahren vor einer<br>Verbraucherschlichtungsstelle teilzunehmen.<br>\n                    <br>Haftung f\u00fcr Inhalte<br>Als\n Diensteanbieter sind wir gem\u00e4\u00df \u00a7 7 Abs.1 TMG f\u00fcr eigene Inhalte auf \ndiesen Seiten nach den allgemeinen Gesetzen verantwortlich. Nach \u00a7\u00a7 8 \nbis 10 TMG sind wir als Diensteanbieter jedoch nicht verpflichtet, \n\u00fcbermittelte oder gespeicherte fremde Informationen zu \u00fcberwachen oder \nnach Umst\u00e4nden zu forschen, die auf eine rechtswidrige T\u00e4tigkeit \nhinweisen.\nVerpflichtungen zur Entfernung oder Sperrung der Nutzung von \nInformationen nach den allgemeinen Gesetzen bleiben hiervon unber\u00fchrt. \nEine diesbez\u00fcgliche Haftung ist jedoch erst ab dem Zeitpunkt der \nKenntnis einer konkreten Rechtsverletzung m\u00f6glich. Bei Bekanntwerden von\n entsprechenden Rechtsverletzungen werden wir diese Inhalte umgehend \nentfernen.<br>\n                    <br>Haftung f\u00fcr Links<br>Unser Angebot enth\u00e4lt Links zu externen Websites Dritter, auf deren Inhalte wir keinen Einfluss haben.<br>Deshalb\n k\u00f6nnen wir f\u00fcr diese fremden Inhalte auch keine Gew\u00e4hr \u00fcbernehmen. F\u00fcr \ndie Inhalte der verlinkten Seiten ist stets der jeweilige Anbieter oder \nBetreiber der Seiten verantwortlich. Die verlinkten Seiten wurden zum \nZeitpunkt der Verlinkung auf m\u00f6gliche Rechtsverst\u00f6\u00dfe \u00fcberpr\u00fcft. \nRechtswidrige Inhalte waren zum Zeitpunkt der Verlinkung nicht \nerkennbar.\nEine permanente inhaltliche Kontrolle der verlinkten Seiten ist jedoch \nohne konkrete Anhaltspunkte einer Rechtsverletzung nicht zumutbar. Bei \nBekanntwerden von Rechtsverletzungen werden wir derartige Links umgehend\n entfernen.<br>\n                    <br>Urheberrecht<br>Die durch die Seitenbetreiber \nerstellten Inhalte und Werke auf diesen Seiten unterliegen dem deutschen\n Urheberrecht. Die Vervielf\u00e4ltigung, Bearbeitung, Verbreitung und jede \nArt der Verwertung au\u00dferhalb der Grenzen des Urheberrechtes bed\u00fcrfen der\n schriftlichen Zustimmung des jeweiligen Autors bzw. Erstellers. \nDownloads und Kopien dieser Seite sind nur f\u00fcr den privaten, nicht \nkommerziellen Gebrauch gestattet.\nSoweit die Inhalte auf dieser Seite nicht vom Betreiber erstellt wurden,\n werden die Urheberrechte Dritter beachtet. Insbesondere werden Inhalte \nDritter als solche gekennzeichnet. Sollten Sie trotzdem auf eine \nUrheberrechtsverletzung aufmerksam werden, bitten wir um einen \nentsprechenden Hinweis. Bei Bekanntwerden von Rechtsverletzungen werden \nwir derartige Inhalte umgehend entfernen.\n                  <\/p>\n                <\/div>\n              <\/div>\n            <\/div>\n          <\/div>\n        <\/div>\n      <\/div>\n    <\/section>\n    <section class=\"u-align-left u-clearfix u-white u-section-4\" id=\"Datenschutz\">\n      <div class=\"u-clearfix u-sheet u-valign-middle u-sheet-1\">\n        <div class=\"u-container-style u-expanded-width-sm u-expanded-width-xs u-group u-group-1\">\n          <div class=\"u-container-layout u-valign-middle u-container-layout-1\">\n            <h2 class=\"u-align-center u-text u-text-1\">Datenschutzerkl\u00e4rung<br>\n            <\/h2>\n          <\/div>\n        <\/div>\n      <\/div>\n    <\/section>\n    <section class=\"u-align-left u-clearfix u-white u-section-5\" id=\"carousel_43be\">\n      <div class=\"u-clearfix u-sheet u-valign-middle u-sheet-1\">\n        <div class=\"u-container-style u-expanded-width-sm u-expanded-width-xs u-group u-group-1\">\n          <div class=\"u-container-layout u-valign-middle u-container-layout-1\">\n            <h2 class=\"u-align-center u-text u-text-1\">1. Datenschutz auf einen Blick<\/h2>\n          <\/div>\n        <\/div>\n        <div class=\"u-clearfix u-expanded-width u-gutter-0 u-layout-wrap u-layout-wrap-1\">\n          <div class=\"u-layout\">\n            <div class=\"u-layout-row\">\n              <div class=\"u-align-justify u-container-style u-layout-cell u-right-cell u-size-60 u-white u-layout-cell-1\">\n                <div class=\"u-container-layout u-container-layout-2\">\n                  <p class=\"u-text u-text-2\">Allgemeine Hinweise<br>\n                    <br>Die folgenden Hinweise geben einen einfachen \u00dcberblick dar\u00fcber, was mit Ihren personenbezogenen Daten passiert, wenn Sie unsere Website besuchen. Personenbezogene Daten sind alle Daten, mit denen Sie pers\u00f6nlich identifiziert werden k\u00f6nnen. Ausf\u00fchrliche Informationen zum Thema Datenschutz entnehmen Sie unserer unter diesem Text aufgef\u00fchrten Datenschutzerkl\u00e4rung.<br>\n                    <br>Datenerfassung auf unserer Website<br>\n                    <br>Wer ist verantwortlich f\u00fcr die Datenerfassung auf dieser Website? <br>Die Datenverarbeitung auf dieser Website erfolgt durch den Websitebetreiber. Dessen Kontaktdaten k\u00f6nnen Sie dem Impressum dieser Website entnehmen.<br>\n                    <br>Wie erfassen wir Ihre Daten? <br>Ihre Daten werden zum einen dadurch erhoben, dass Sie uns diese mitteilen. Hierbei kann es sich z.B. um Daten handeln, die Sie in ein Kontaktformular eingeben.\nAndere Daten werden automatisch beim Besuch der Website durch unsere IT-Systeme erfasst. Das sind vor allem technische Daten (z.B. Internetbrowser, Betriebssystem oder Uhrzeit des Seitenaufrufs). Die Erfassung dieser Daten erfolgt automatisch, sobald Sie unsere Website betreten. <br>\n                    <br>Wof\u00fcr nutzen wir Ihre Daten?<br>Ein Teil der Daten wird erhoben, um eine fehlerfreie Bereitstellung der Website zu gew\u00e4hrleisten. Andere Daten k\u00f6nnen zur Analyse Ihres Nutzerverhaltens verwendet werden.<br>\n                    <br>Welche Rechte haben Sie bez\u00fcglich Ihrer Daten? <br>Sie haben jederzeit das Recht unentgeltlich Auskunft \u00fcber Herkunft, Empf\u00e4nger und Zweck Ihrer gespeicherten personenbezogenen Daten zu erhalten. Sie haben au\u00dferdem ein Recht, die Berichtigung, Sperrung oder L\u00f6schung dieser Daten zu verlangen. Hierzu sowie zu weiteren Fragen zum Thema Datenschutz k\u00f6nnen Sie sich jederzeit unter der im Impressum angegebenen Adresse an uns wenden. Des Weiteren steht Ihnen ein Beschwerderecht bei der zust\u00e4ndigen Aufsichtsbeh\u00f6rde zu.<br>\n                    <br>Analyse-Tools und Tools von Drittanbietern<br>Beim Besuch unserer Website kann Ihr Surf-Verhalten statistisch ausgewertet werden. Das geschieht vor allem mit Cookies und mit sogenannten Analyseprogrammen. Die Analyse Ihres Surf-Verhaltens erfolgt in der Regel anonym; das Surf-Verhalten kann nicht zu Ihnen zur\u00fcckverfolgt werden. Sie k\u00f6nnen dieser Analyse widersprechen oder sie durch die Nichtbenutzung bestimmter Tools verhindern. Detaillierte Informationen dazu finden Sie in der folgenden Datenschutzerkl\u00e4rung.<br>Sie k\u00f6nnen dieser Analyse widersprechen. \u00dcber die Widerspruchsm\u00f6glichkeiten werden wir Sie in dieser Datenschutzerkl\u00e4rung informieren. <br>\n                    <br>\n                  <\/p>\n                <\/div>\n              <\/div>\n            <\/div>\n          <\/div>\n        <\/div>\n      <\/div>\n    <\/section>\n    <section class=\"u-align-left u-clearfix u-white u-section-6\" id=\"carousel_1f0b\">\n      <div class=\"u-clearfix u-sheet u-sheet-1\">\n        <div class=\"u-container-style u-expanded-width-sm u-expanded-width-xs u-group u-group-1\">\n          <div class=\"u-container-layout u-valign-middle u-container-layout-1\">\n            <h2 class=\"u-align-center u-text u-text-1\">2. Allgemeine Hinweise und\n\tPflichtinformationen <\/h2>\n          <\/div>\n        <\/div>\n        <div class=\"u-clearfix u-expanded-width u-gutter-0 u-layout-wrap u-layout-wrap-1\">\n          <div class=\"u-layout\">\n            <div class=\"u-layout-row\">\n              <div class=\"u-align-justify u-container-style u-layout-cell u-right-cell u-size-60 u-white u-layout-cell-1\">\n                <div class=\"u-container-layout u-container-layout-2\">\n                  <p class=\"u-text u-text-2\">Datenschutz<br>Die Betreiber dieser Seiten nehmen den Schutz Ihrer pers\u00f6nlichen\nDaten sehr ernst. Wir behandeln Ihre personenbezogenen Daten\nvertraulich und entsprechend der gesetzlichen Datenschutzvorschriften\nsowie dieser Datenschutzerkl\u00e4rung.<br>Wenn Sie diese Website benutzen, werden verschiedene\npersonenbezogene Daten erhoben. Personenbezogene Daten sind Daten,\nmit denen Sie pers\u00f6nlich identifiziert werden k\u00f6nnen. Die\nvorliegende Datenschutzerkl\u00e4rung erl\u00e4utert, welche Daten wir\nerheben und wof\u00fcr wir sie nutzen. Sie erl\u00e4utert auch, wie und zu\nwelchem Zweck das geschieht.<br>Wir weisen darauf hin, dass die Daten\u00fcbertragung im Internet\n(z.B. bei der Kommunikation per E-Mail) Sicherheitsl\u00fccken aufweisen\nkann. Ein l\u00fcckenloser Schutz der Daten vor dem Zugriff durch Dritte\nist nicht m\u00f6glich.<br>\n                    <br>Hinweis zur verantwortlichen Stelle<br>Die verantwortliche Stelle f\u00fcr die Datenverarbeitung auf dieser\nWebsite ist:<br>Sigrid Brand<br> Wilhelm-Bachmair-Stra\u00dfe 7<br> 85435 Erding<br>Telefon: 08122 227070<br> E-Mail: verwaltung@sfz-erding.de<br>Verantwortliche Stelle ist die nat\u00fcrliche oder juristische\nPerson, die allein oder gemeinsam mit anderen \u00fcber die Zwecke und\nMittel der Verarbeitung von personenbezogenen Daten (z.B. Namen,\nE-Mail-Adressen o. \u00c4.) entscheidet.<br>\n                    <br>Widerruf Ihrer Einwilligung zur Datenverarbeitung<br>Viele Datenverarbeitungsvorg\u00e4nge sind nur mit Ihrer\nausdr\u00fccklichen Einwilligung m\u00f6glich. Sie k\u00f6nnen eine bereits\nerteilte Einwilligung jederzeit widerrufen. Dazu reicht eine formlose\nMitteilung per E-Mail an uns. Die Rechtm\u00e4\u00dfigkeit der bis zum\nWiderruf erfolgten Datenverarbeitung bleibt vom Widerruf unber\u00fchrt.<br>\n                    <br>Beschwerderecht bei der zust\u00e4ndigen Aufsichtsbeh\u00f6rde<br>Im Falle datenschutzrechtlicher Verst\u00f6\u00dfe steht dem Betroffenen\nein Beschwerderecht bei der zust\u00e4ndigen Aufsichtsbeh\u00f6rde zu.\nZust\u00e4ndige Aufsichtsbeh\u00f6rde in datenschutzrechtlichen Fragen ist\nder Landesdatenschutzbeauftragte des Bundeslandes, in dem unser\nUnternehmen seinen Sitz hat. Eine Liste der Datenschutzbeauftragten\nsowie deren Kontaktdaten k\u00f6nnen folgendem Link entnommen werden: <a href=\"https:\/\/www.bfdi.bund.de\/DE\/Infothek\/Anschriften_Links\/anschriften_links-node.html\">https:\/\/www.bfdi.bund.de\/DE\/Infothek\/Anschriften_Links\/anschriften_links-node.html<\/a>.<br>\n                    <br>Recht auf Daten\u00fcbertragbarkeit<br>Sie haben das Recht, Daten, die wir auf Grundlage Ihrer\nEinwilligung oder in Erf\u00fcllung eines Vertrags automatisiert\nverarbeiten, an sich oder an einen Dritten in einem g\u00e4ngigen,\nmaschinenlesbaren Format aush\u00e4ndigen zu lassen. Sofern Sie die\ndirekte \u00dcbertragung der Daten an einen anderen Verantwortlichen\nverlangen, erfolgt dies nur, soweit es technisch machbar ist<br>\n                    <br> SSL- bzw. TLS-Verschl\u00fcsselung<br>Diese Seite nutzt aus Sicherheitsgr\u00fcnden und zum Schutz der\n\u00dcbertragung vertraulicher Inhalte, wie zum Beispiel Bestellungen\noder Anfragen, die Sie an uns als Seitenbetreiber senden, eine\nSSL-bzw. TLS-Verschl\u00fcsselung. Eine verschl\u00fcsselte Verbindung\nerkennen Sie daran, dass die Adresszeile des Browsers von \u201chttp:\/\/\u201d\nauf \u201chttps:\/\/\u201d wechselt und an dem Schloss-Symbol in Ihrer\nBrowserzeile. <br>Wenn die SSL- bzw. TLS-Verschl\u00fcsselung aktiviert ist, k\u00f6nnen die\nDaten, die Sie an uns \u00fcbermitteln, nicht von Dritten mitgelesen\nwerden. <br>\n                    <br>Auskunft, Sperrung, L\u00f6schung<br>Sie haben im Rahmen der geltenden gesetzlichen Bestimmungen\njederzeit das Recht auf unentgeltliche Auskunft \u00fcber Ihre\ngespeicherten personenbezogenen Daten, deren Herkunft und Empf\u00e4nger\nund den Zweck der Datenverarbeitung und ggf. ein Recht auf\nBerichtigung, Sperrung oder L\u00f6schung dieser Daten. Hierzu sowie zu\nweiteren Fragen zum Thema personenbezogene Daten k\u00f6nnen Sie sich\njederzeit unter der im Impressum angegebenen Adresse an uns wenden. \n                  <\/p>\n                <\/div>\n              <\/div>\n            <\/div>\n          <\/div>\n        <\/div>\n      <\/div>\n    <\/section>\n    <section class=\"u-align-left u-clearfix u-white u-section-7\" id=\"carousel_e64d\">\n      <div class=\"u-clearfix u-sheet u-sheet-1\">\n        <div class=\"u-container-style u-expanded-width-sm u-expanded-width-xs u-group u-group-1\">\n          <div class=\"u-container-layout u-valign-middle u-container-layout-1\">\n            <h2 class=\"u-align-center u-text u-text-1\">3. Datenschutzbeauftragter<br>\n            <\/h2>\n          <\/div>\n        <\/div>\n        <div class=\"u-clearfix u-expanded-width u-gutter-0 u-layout-wrap u-layout-wrap-1\">\n          <div class=\"u-layout\">\n            <div class=\"u-layout-row\">\n              <div class=\"u-align-justify u-container-style u-layout-cell u-right-cell u-size-60 u-white u-layout-cell-1\">\n                <div class=\"u-container-layout u-container-layout-2\">\n                  <p class=\"u-text u-text-2\">Gesetzlich vorgeschriebener Datenschutzbeauftragter<br>Wir haben f\u00fcr unser Unternehmen einen Datenschutzbeauftragten\nbestellt. <br>Kai Braun<br> Mittelschule Taufkirchen<br> Pfarrweg 3<br> 84416\nTaufkirchen (Vils)\nTelefon: 08084 503430<br> E-Mail: kai.braun@lra-ed.de \n                  <\/p>\n                <\/div>\n              <\/div>\n            <\/div>\n          <\/div>\n        <\/div>\n      <\/div>\n    <\/section>\n    <section class=\"u-align-left u-clearfix u-white u-section-8\" id=\"carousel_70df\">\n      <div class=\"u-clearfix u-sheet u-sheet-1\">\n        <div class=\"u-container-style u-expanded-width-sm u-expanded-width-xs u-group u-group-1\">\n          <div class=\"u-container-layout u-valign-middle u-container-layout-1\">\n            <h2 class=\"u-align-center u-text u-text-1\">4. Datenerfassung auf unserer Website<\/h2>\n          <\/div>\n        <\/div>\n        <div class=\"u-clearfix u-expanded-width u-gutter-0 u-layout-wrap u-layout-wrap-1\">\n          <div class=\"u-layout\">\n            <div class=\"u-layout-row\">\n              <div class=\"u-align-justify u-container-style u-layout-cell u-right-cell u-size-60 u-white u-layout-cell-1\">\n                <div class=\"u-container-layout u-container-layout-2\">\n                  <p class=\"u-text u-text-2\">Cookies<br>Die Internetseiten verwenden teilweise so genannte Cookies.\nCookies richten auf Ihrem Rechner keinen Schaden an und enthalten\nkeine Viren. Cookies dienen dazu, unser Angebot nutzerfreundlicher,\neffektiver und sicherer zu machen. Cookies sind kleine Textdateien,\ndie auf Ihrem Rechner abgelegt werden und die Ihr Browser speichert<br> Die meisten der von uns verwendeten Cookies sind so genannte\n\u201cSession-Cookies\u201d. Sie werden nach Ende Ihres Besuchs automatisch\ngel\u00f6scht. Andere Cookies bleiben auf Ihrem Endger\u00e4t gespeichert bis\nSie diese l\u00f6schen. Diese Cookies erm\u00f6glichen es uns, Ihren Browser\nbeim n\u00e4chsten Besuch wiederzuerkennen.<br>Sie k\u00f6nnen Ihren Browser so einstellen, dass Sie \u00fcber das Setzen\nvon Cookies informiert werden und Cookies nur im Einzelfall erlauben,\ndie Annahme von Cookies f\u00fcr bestimmte F\u00e4lle oder generell\nausschlie\u00dfen sowie das automatische L\u00f6schen der Cookies beim\nSchlie\u00dfen des Browser aktivieren. Bei der Deaktivierung von Cookies\nkann die Funktionalit\u00e4t dieser Website eingeschr\u00e4nkt sein.<br>Cookies, die zur Durchf\u00fchrung des elektronischen\nKommunikationsvorgangs oder zur Bereitstellung bestimmter, von Ihnen\nerw\u00fcnschter Funktionen (z.B. Warenkorbfunktion) erforderlich sind,\nwerden auf Grundlage von Art. 6 Abs. 1 lit. f DSGVO gespeichert. Der\nWebsitebetreiber hat ein berechtigtes Interesse an der Speicherung\nvon Cookies zur technisch fehlerfreien und optimierten Bereitstellung\nseiner Dienste. Soweit andere Cookies (z.B. Cookies zur Analyse Ihres\nSurfverhaltens) gespeichert werden, werden diese in dieser\nDatenschutzerkl\u00e4rung gesondert behandelt. <br>\n                    <br>Server-Log-Dateien<br>Der Provider der Seiten erhebt und speichert automatisch\nInformationen in so genannten Server-Log-Dateien, die Ihr Browser\nautomatisch an uns \u00fcbermittelt. Dies sind:<br>- Browsertyp und Browserversion <br> - verwendetes Betriebssystem<br>- Referrer URL<br>- Hostname des zugreifenden Rechners<br>- Uhrzeit der Serveranfrage<br>- IP-Adresse<br>\n                    <br>Eine Zusammenf\u00fchrung dieser Daten mit anderen Datenquellen wird\nnicht vorgenommen. <br>\n                    <br>Grundlage f\u00fcr die Datenverarbeitung ist Art. 6 Abs. 1 lit. f\nDSGVO, der die Verarbeitung von Daten zur Erf\u00fcllung eines Vertrags\noder vorvertraglicher Ma\u00dfnahmen gestattet.\n                  <\/p>\n                <\/div>\n              <\/div>\n            <\/div>\n          <\/div>\n        <\/div>\n      <\/div>\n    <\/section>\n    \n    \n    \n  \n<\/div>","protected":false},"excerpt":{"rendered":"<p>Informationspflicht Impressum Datenschutz Impressum Angaben gem\u00e4\u00df \u00a7 5 TMG: Sigrid BrandSchulleiterinWilhelm-Bachmair-Stra\u00dfe 785435 Erding Rainer Huber2. SonderschulkonrektorWilhelm-Bachmair-Stra\u00dfe 785435 Erding Kontakt:Telefon: 08122 227070Telefax: 08122 227072727E-Mail: verwaltung@sfz-erding.de Aufsichtsbeh\u00f6rde:Regierung von OberbayernMaximilianstra\u00dfe 3980538 M\u00fcnchenhttp:\/\/www.regierung.oberbayern.bayern.de Verantwortlich f\u00fcr den Inhalt nach \u00a7 55 Abs. 2 RStV: &nbsp; Sigrid BrandRainer HuberWilhelm-Bachmair-Stra\u00dfe 785435 Erding StreitschlichtungWir sind nicht bereit oder verpflichtet, an Streitbeilegungsverfahren vor einerVerbraucherschlichtungsstelle [&hellip;]<\/p>\n","protected":false},"author":4,"featured_media":0,"parent":0,"menu_order":0,"comment_status":"closed","ping_status":"closed","template":"","meta":[],"_links":{"self":[{"href":"https:\/\/sfz-erding.de\/wordpress\/wp-json\/wp\/v2\/pages\/1331"}],"collection":[{"href":"https:\/\/sfz-erding.de\/wordpress\/wp-json\/wp\/v2\/pages"}],"about":[{"href":"https:\/\/sfz-erding.de\/wordpress\/wp-json\/wp\/v2\/types\/page"}],"author":[{"embeddable":true,"href":"https:\/\/sfz-erding.de\/wordpress\/wp-json\/wp\/v2\/users\/4"}],"replies":[{"embeddable":true,"href":"https:\/\/sfz-erding.de\/wordpress\/wp-json\/wp\/v2\/comments?post=1331"}],"version-history":[{"count":37,"href":"https:\/\/sfz-erding.de\/wordpress\/wp-json\/wp\/v2\/pages\/1331\/revisions"}],"predecessor-version":[{"id":3131,"href":"https:\/\/sfz-erding.de\/wordpress\/wp-json\/wp\/v2\/pages\/1331\/revisions\/3131"}],"wp:attachment":[{"href":"https:\/\/sfz-erding.de\/wordpress\/wp-json\/wp\/v2\/media?parent=1331"}],"curies":[{"name":"wp","href":"https:\/\/api.w.org\/{rel}","templated":true}]}}